{"id":11,"date":"2024-08-09T13:42:56","date_gmt":"2024-08-09T13:42:56","guid":{"rendered":"https:\/\/ferienwohnung-grancanaria.com\/dienstleistungen\/"},"modified":"2025-07-07T10:26:08","modified_gmt":"2025-07-07T08:26:08","slug":"dienstleistungen","status":"publish","type":"page","link":"https:\/\/ferienwohnung-grancanaria.com\/es\/dienstleistungen\/","title":{"rendered":"Ausstattung"},"content":{"rendered":"\n<div class=\"wp-block-group alignfull has-background-background-color has-background has-global-padding is-layout-constrained wp-block-group-is-layout-constrained\" style=\"margin-top:0;margin-bottom:0;padding-top:0;padding-bottom:0\">\n<div class=\"wp-block-cover alignfull\" style=\"padding-top:0;padding-right:var(--wp--preset--spacing--30);padding-bottom:0;padding-left:var(--wp--preset--spacing--30);min-height:50px;aspect-ratio:unset;\"><img loading=\"lazy\" decoding=\"async\" width=\"1024\" height=\"625\" class=\"wp-block-cover__image-background wp-image-695 size-large\" alt=\"\" src=\"https:\/\/ferienwohnung-grancanaria.com\/wp-content\/uploads\/2025\/02\/20250207_104919-1-1024x625.jpg\" data-object-fit=\"cover\" srcset=\"https:\/\/ferienwohnung-grancanaria.com\/wp-content\/uploads\/2025\/02\/20250207_104919-1-1024x625.jpg 1024w, https:\/\/ferienwohnung-grancanaria.com\/wp-content\/uploads\/2025\/02\/20250207_104919-1-300x183.jpg 300w, https:\/\/ferienwohnung-grancanaria.com\/wp-content\/uploads\/2025\/02\/20250207_104919-1-150x92.jpg 150w, https:\/\/ferienwohnung-grancanaria.com\/wp-content\/uploads\/2025\/02\/20250207_104919-1-768x469.jpg 768w, https:\/\/ferienwohnung-grancanaria.com\/wp-content\/uploads\/2025\/02\/20250207_104919-1-1536x937.jpg 1536w, https:\/\/ferienwohnung-grancanaria.com\/wp-content\/uploads\/2025\/02\/20250207_104919-1-2048x1249.jpg 2048w\" sizes=\"auto, (max-width: 1024px) 100vw, 1024px\" \/><span aria-hidden=\"true\" class=\"wp-block-cover__background has-black-background-color has-background-dim-60 has-background-dim\"><\/span><div class=\"wp-block-cover__inner-container is-layout-flow wp-block-cover-is-layout-flow\">\n<div class=\"wp-block-group has-global-padding is-layout-constrained wp-block-group-is-layout-constrained\" style=\"padding-top:var(--wp--preset--spacing--60);padding-bottom:var(--wp--preset--spacing--60)\">\n<h1 class=\"wp-block-heading alignwide has-text-align-left has-text-color has-x-large-font-size\" style=\"color:#fffffffc\">Equipamiento<\/h1>\n<\/div>\n<\/div><\/div>\n<\/div>\n\n\n\n<div class=\"wp-block-group alignfull has-tertiary-background-color has-background has-global-padding is-layout-constrained wp-container-core-group-is-layout-7276a2bb wp-block-group-is-layout-constrained\" style=\"margin-top:0;margin-bottom:0;padding-top:var(--wp--preset--spacing--60);padding-right:var(--wp--preset--spacing--30);padding-bottom:var(--wp--preset--spacing--60);padding-left:var(--wp--preset--spacing--30)\">\n<div class=\"wp-block-group alignwide has-global-padding is-content-justification-left is-layout-constrained wp-container-core-group-is-layout-8b4c372c wp-block-group-is-layout-constrained\">\n<h2 class=\"wp-block-heading has-large-font-size\">Nuestras exclusivas ofertas de apartamentos vacacionales<\/h2>\n\n\n\n<p style=\"margin-top:16px\">Disfrute de un apartamento completamente equipado con las ventajas de primera clase del complejo Monse\u00f1or. Viva momentos inolvidables de vacaciones en una ubicaci\u00f3n excelente, cerca del mar en Playa del Cura.<\/p>\n<\/div>\n\n\n\n<div class=\"wp-block-columns alignwide are-vertically-aligned-top is-layout-flex wp-container-core-columns-is-layout-08c01c1c wp-block-columns-is-layout-flex\">\n<div class=\"wp-block-column is-vertically-aligned-top is-layout-flow wp-block-column-is-layout-flow\">\n<div class=\"wp-block-group has-global-padding is-layout-constrained wp-block-group-is-layout-constrained\">\n<h3 class=\"wp-block-heading\" style=\"font-size:clamp(14px, 0.875rem + ((1vw - 3.2px) * 0.625), 20px);line-height:1.5\">Exclusivo complejo Monse\u00f1or<\/h3>\n\n\n\n<p class=\"has-small-font-size\" style=\"margin-top:8px\">Disfrute de todas las comodidades gratuitas de nuestra instalaci\u00f3n. Sum\u00e9rjase en cualquiera de los 7 piscinas (una de ellas climatizada y con tobog\u00e1n). Beba una bebida refrescante en el bar de la piscina y disfrute de una comida en el restaurante. Adem\u00e1s de una pista de tenis, podr\u00e1 disfrutar de mesas de ping-pong y un parque infantil.<\/p>\n<\/div>\n\n\n\n<div class=\"wp-block-group has-global-padding is-layout-constrained wp-block-group-is-layout-constrained\">\n<h3 class=\"wp-block-heading\" style=\"font-size:clamp(14px, 0.875rem + ((1vw - 3.2px) * 0.625), 20px);line-height:1.5\">Apartamento \u00fanico<\/h3>\n\n\n\n<p class=\"has-small-font-size\" style=\"margin-top:8px\">Disfrute del m\u00e1ximo confort en nuestro exclusivo apartamento. En la espaciosa terraza, podr\u00e1 disfrutar de una maravillosa vista panor\u00e1mica del mar y las monta\u00f1as mientras come, y relajarse bajo el sol en nuestras lujosas tumbonas. Un gran toldo le proporcionar\u00e1 sombra cuando lo necesite. Para un d\u00eda de playa sin preocupaciones, tiene a su disposici\u00f3n una sombrilla, toallas de playa, una caja frigor\u00edfica y juguetes para los m\u00e1s peque\u00f1os.<\/p>\n<\/div>\n\n\n\n<div class=\"wp-block-group has-global-padding is-layout-constrained wp-block-group-is-layout-constrained\">\n<h3 class=\"wp-block-heading\" style=\"font-size:clamp(14px, 0.875rem + ((1vw - 3.2px) * 0.625), 20px);line-height:1.5\">Estancia c\u00f3moda<\/h3>\n\n\n\n<p class=\"has-small-font-size\" style=\"margin-top:8px\">Disfrute de una estancia c\u00f3moda en nuestro apartamento con aire acondicionado. En la cocina encontrar\u00e1 todo lo que necesita, incluyendo lavavajillas y frigor\u00edfico con congelador integrado. Adem\u00e1s, dispondr\u00e1 de una amplia ducha caminable y una lavadora.<\/p>\n\n\n\n<p><\/p>\n<\/div>\n<\/div>\n\n\n\n<div class=\"wp-block-column is-vertically-aligned-top is-layout-flow wp-block-column-is-layout-flow\">\n<figure class=\"wp-block-image size-large ext-aspect-landscape\"><img decoding=\"async\" src=\"https:\/\/ferienwohnung-grancanaria.com\/wp-content\/uploads\/2024\/08\/20240801_114020-473x1024.jpg\" alt=\"\" class=\"wp-image-75\" style=\"aspect-ratio:1;object-fit:cover\"\/><\/figure>\n<\/div>\n<\/div>\n<\/div>\n\n\n\n<div class=\"wp-block-group alignfull has-background-background-color has-background has-global-padding is-layout-constrained wp-container-core-group-is-layout-68d5e5bb wp-block-group-is-layout-constrained\" style=\"margin-top:0;margin-bottom:0;padding-top:var(--wp--preset--spacing--50);padding-right:var(--wp--preset--spacing--30);padding-bottom:var(--wp--preset--spacing--60);padding-left:var(--wp--preset--spacing--30)\">\n<div class=\"wp-block-group alignwide has-global-padding is-content-justification-left is-layout-constrained wp-container-core-group-is-layout-12dd3699 wp-block-group-is-layout-constrained\">\n<h2 class=\"wp-block-heading has-large-font-size\">Nuestras caracter\u00edsticas de equipamiento<\/h2>\n\n\n\n<p class=\"has-medium-font-size\" style=\"margin-top:16px\"><strong>Nuestro apartamento se encuentra entre dos ascensores y solo es accesible por una escalera.<\/strong><\/p>\n<\/div>\n\n\n\n<div class=\"wp-block-columns alignwide is-layout-flex wp-container-core-columns-is-layout-87beb0d0 wp-block-columns-is-layout-flex\">\n<div class=\"wp-block-column has-tertiary-background-color has-background is-layout-flow wp-block-column-is-layout-flow\" style=\"padding-top:1.5rem;padding-right:1.5rem;padding-bottom:1.5rem;padding-left:1.5rem\">\n<h3 class=\"wp-block-heading\" style=\"font-size:clamp(14px, 0.875rem + ((1vw - 3.2px) * 0.625), 20px);line-height:1.5\">Alojamiento<\/h3>\n\n\n\n<ul class=\"wp-block-list\">\n<li>Dormitorio: Cama doble, 2 mesitas de noche con enchufes, s\u00e1banas, armario empotrado, caja fuerte, televisi\u00f3n, acceso a la terraza, tabla de planchar y plancha, ventilador<\/li>\n\n\n\n<li>Sal\u00f3n: Sof\u00e1 cama, televisi\u00f3n con TV internacional, radio por internet, aire acondicionado, acceso a la terraza<\/li>\n\n\n\n<li>Internet de alta velocidad con 408 Mbp\/s<\/li>\n\n\n\n<li>Cocina abierta con: lavavajillas, microondas, cocina de inducci\u00f3n, horno, cafetera, m\u00e1quina de c\u00e1psulas, tostadora, hervidor de agua, frigor\u00edfico con congelador, utensilios de cocina, barra de cocina con 2 sillas<\/li>\n\n\n\n<li>Cuarto de ba\u00f1o: ducha amplia, lavadora, WC, lavabo, secador de pelo, espejo de maquillaje, toallas, toallas de playa<\/li>\n\n\n\n<li>Terraza solarium: 2 tumbonas, mesa con 4 sillas, banco solar integrado, gran toldo sobre toda la terraza, tendedero, iluminaci\u00f3n exterior<\/li>\n\n\n\n<li>No se permiten mascotas<\/li>\n\n\n\n<li>Fumar solo est\u00e1 permitido en la terraza<\/li>\n<\/ul>\n<\/div>\n\n\n\n<div class=\"wp-block-column has-tertiary-background-color has-background is-layout-flow wp-block-column-is-layout-flow\" style=\"padding-top:1.5rem;padding-right:1.5rem;padding-bottom:1.5rem;padding-left:1.5rem\">\n<h3 class=\"wp-block-heading\" style=\"font-size:clamp(14px, 0.875rem + ((1vw - 3.2px) * 0.625), 20px);line-height:1.5\">El complejo<\/h3>\n\n\n\n<ul class=\"wp-block-list\">\n<li>7 piscinas (una de ellas climatizada)<\/li>\n\n\n\n<li>1 tobog\u00e1n acu\u00e1tico<\/li>\n\n\n\n<li>Pista de tenis<\/li>\n\n\n\n<li>2 mesas de ping-pong<\/li>\n\n\n\n<li>Parque infantil<\/li>\n\n\n\n<li>Bar en la piscina con aperitivos y bebidas<\/li>\n\n\n\n<li>Restaurante<\/li>\n\n\n\n<li>6 ascensores (3 con vistas panor\u00e1micas)<\/li>\n\n\n\n<li>Asientos en la zona superior para disfrutar de la vista<\/li>\n\n\n\n<li>Aparcamiento gratuito frente al complejo<\/li>\n\n\n\n<li>Wi-Fi gratuito en todo el complejo<\/li>\n\n\n\n<li>Las horas de descanso son de 22:00 a 8:00<\/li>\n\n\n\n<li>No se permiten fiestas \/ eventos<\/li>\n\n\n\n<li>Todas las \u00e1reas p\u00fablicas del complejo son zonas para no fumadores<\/li>\n<\/ul>\n<\/div>\n\n\n\n<div class=\"wp-block-column has-tertiary-background-color has-background is-layout-flow wp-block-column-is-layout-flow\" style=\"padding-top:1.5rem;padding-right:1.5rem;padding-bottom:1.5rem;padding-left:1.5rem\">\n<h3 class=\"wp-block-heading\" style=\"font-size:clamp(14px, 0.875rem + ((1vw - 3.2px) * 0.625), 20px);line-height:1.5\">Alrededores<\/h3>\n\n\n\n<ul class=\"wp-block-list\">\n<li>200m supermercado Spar (entrega disponible), farmacia, restaurantes, pub irland\u00e9s, cafeter\u00edas<\/li>\n\n\n\n<li>200m parada de autob\u00fas (Playa del Cura)<\/li>\n\n\n\n<li>L\u00edneas de autob\u00fas 91 y 90 van \/ vienen desde el aeropuerto LPA todos los d\u00edas de 6 a 21 horas (billete sencillo 6,35\u20ac), por favor inf\u00f3rmese previamente<\/li>\n\n\n\n<li>300m a la playa de arena de pendiente suave<\/li>\n\n\n\n<li>1,5km a la playa caribe\u00f1a \u201cAmadores\u201d<\/li>\n\n\n\n<li>2km al campo de golf de 18 hoyos \u201cAnfi Tauro Golf\u201d<\/li>\n\n\n\n<li>4km a Puerto Rico con vida nocturna, tiendas, restaurantes y puerto<\/li>\n\n\n\n<li>Otras actividades cercanas: voleibol de playa, ba\u00f1o, buceo, vela, surf, moto acu\u00e1tica, paseos en barco, pesca, trekking, senderismo, ciclismo de monta\u00f1a, bicicleta de carretera, motociclismo, parapente, tour en submarino y mucho m\u00e1s.<\/li>\n<\/ul>\n<\/div>\n<\/div>\n<\/div>\n\n\n\n<div class=\"wp-block-group alignfull has-tertiary-background-color has-background has-global-padding is-layout-constrained wp-container-core-group-is-layout-7276a2bb wp-block-group-is-layout-constrained\" style=\"margin-top:0;margin-bottom:0;padding-top:var(--wp--preset--spacing--60);padding-right:var(--wp--preset--spacing--30);padding-bottom:var(--wp--preset--spacing--60);padding-left:var(--wp--preset--spacing--30)\">\n<div class=\"wp-block-columns alignwide has-background-background-color has-background is-layout-flex wp-container-core-columns-is-layout-7c9548a8 wp-block-columns-is-layout-flex\" style=\"padding-top:0;padding-right:0;padding-bottom:0;padding-left:0\">\n<div class=\"wp-block-column is-vertically-aligned-stretch is-layout-flow wp-block-column-is-layout-flow\" style=\"flex-basis:40%\">\n<div class=\"wp-block-cover\" style=\"min-height:100%;aspect-ratio:unset;\"><img decoding=\"async\" class=\"wp-block-cover__image-background wp-image-101\" alt=\"\" src=\"https:\/\/ferienwohnung-grancanaria.com\/wp-content\/uploads\/2024\/08\/20240801_105450-scaled.jpg\" data-object-fit=\"cover\"\/><span aria-hidden=\"true\" class=\"wp-block-cover__background has-background-dim-0 has-background-dim\" style=\"background-color:#6f6c6c\"><\/span><div class=\"wp-block-cover__inner-container is-layout-flow wp-block-cover-is-layout-flow\">\n<div style=\"height:240px\" aria-hidden=\"true\" class=\"wp-block-spacer\"><\/div>\n<\/div><\/div>\n<\/div>\n\n\n\n<div class=\"wp-block-column is-vertically-aligned-center is-layout-flow wp-block-column-is-layout-flow\">\n<div class=\"wp-block-group has-global-padding is-layout-constrained wp-container-core-group-is-layout-301020a0 wp-block-group-is-layout-constrained\" style=\"padding-top:var(--wp--preset--spacing--50);padding-right:var(--wp--preset--spacing--50);padding-bottom:var(--wp--preset--spacing--50);padding-left:var(--wp--preset--spacing--50)\">\n<h2 class=\"wp-block-heading has-large-font-size\">Descubra su para\u00edso<\/h2>\n\n\n\n<p style=\"margin-top:16px\">Viva sus vacaciones so\u00f1adas en Gran Canaria con nuestro \u00fanico apartamento vacacional. Reserve ahora para vivir momentos inolvidables llenos de confort y belleza natural.<\/p>\n\n\n\n<div class=\"wp-block-buttons is-content-justification-left is-layout-flex wp-container-core-buttons-is-layout-ec155617 wp-block-buttons-is-layout-flex\" style=\"margin-top:var(--wp--preset--spacing--40)\">\n<div class=\"wp-block-button is-style-outline is-style-outline--1\"><a class=\"wp-block-button__link wp-element-button\" href=\"\/galerie\">Galer\u00eda de im\u00e1genes<\/a><\/div>\n\n\n\n<div class=\"wp-block-button\"><a class=\"wp-block-button__link wp-element-button\" href=\"\/buchung\">Reserve ahora<\/a><\/div>\n<\/div>\n<\/div>\n<\/div>\n<\/div>\n<\/div>\n","protected":false},"excerpt":{"rendered":"<p>Nuestras exclusivas ofertas de apartamentos vacacionales Disfrute de un apartamento completamente equipado con las ventajas de primera clase del complejo Monse\u00f1or. Viva momentos inolvidables de vacaciones en una ubicaci\u00f3n excelente, cerca del mar en Playa del Cura. Exclusivo complejo Monse\u00f1or Disfrute de todas las comodidades gratuitas de nuestra instalaci\u00f3n. Sum\u00e9rjase en cualquiera de los 7 [&hellip;]<\/p>\n","protected":false},"author":1,"featured_media":0,"parent":0,"menu_order":0,"comment_status":"closed","ping_status":"closed","template":"no-title","meta":{"pgc_sgb_lightbox_settings":"","footnotes":""},"class_list":["post-11","page","type-page","status-publish","hentry"],"aioseo_notices":[],"_links":{"self":[{"href":"https:\/\/ferienwohnung-grancanaria.com\/es\/wp-json\/wp\/v2\/pages\/11","targetHints":{"allow":["GET"]}}],"collection":[{"href":"https:\/\/ferienwohnung-grancanaria.com\/es\/wp-json\/wp\/v2\/pages"}],"about":[{"href":"https:\/\/ferienwohnung-grancanaria.com\/es\/wp-json\/wp\/v2\/types\/page"}],"author":[{"embeddable":true,"href":"https:\/\/ferienwohnung-grancanaria.com\/es\/wp-json\/wp\/v2\/users\/1"}],"replies":[{"embeddable":true,"href":"https:\/\/ferienwohnung-grancanaria.com\/es\/wp-json\/wp\/v2\/comments?post=11"}],"version-history":[{"count":26,"href":"https:\/\/ferienwohnung-grancanaria.com\/es\/wp-json\/wp\/v2\/pages\/11\/revisions"}],"predecessor-version":[{"id":1035,"href":"https:\/\/ferienwohnung-grancanaria.com\/es\/wp-json\/wp\/v2\/pages\/11\/revisions\/1035"}],"wp:attachment":[{"href":"https:\/\/ferienwohnung-grancanaria.com\/es\/wp-json\/wp\/v2\/media?parent=11"}],"curies":[{"name":"wp","href":"https:\/\/api.w.org\/{rel}","templated":true}]}}