{"id":18,"date":"2024-08-09T13:42:58","date_gmt":"2024-08-09T13:42:58","guid":{"rendered":"https:\/\/ferienwohnung-grancanaria.com\/start\/"},"modified":"2025-07-07T10:28:41","modified_gmt":"2025-07-07T08:28:41","slug":"start","status":"publish","type":"page","link":"https:\/\/ferienwohnung-grancanaria.com\/de\/","title":{"rendered":"Start"},"content":{"rendered":"\n<div class=\"wp-block-cover alignfull is-light\" style=\"padding-top:0;padding-right:0;padding-bottom:0;padding-left:0;min-height:80vh;aspect-ratio:unset;\"><img loading=\"lazy\" decoding=\"async\" width=\"2560\" height=\"1183\" class=\"wp-block-cover__image-background wp-image-72\" alt=\"\" src=\"https:\/\/ferienwohnung-grancanaria.com\/wp-content\/uploads\/2024\/08\/20240801_114840-scaled.jpg\" data-object-fit=\"cover\" srcset=\"https:\/\/ferienwohnung-grancanaria.com\/wp-content\/uploads\/2024\/08\/20240801_114840-scaled.jpg 2560w, https:\/\/ferienwohnung-grancanaria.com\/wp-content\/uploads\/2024\/08\/20240801_114840-300x139.jpg 300w, https:\/\/ferienwohnung-grancanaria.com\/wp-content\/uploads\/2024\/08\/20240801_114840-1024x473.jpg 1024w, https:\/\/ferienwohnung-grancanaria.com\/wp-content\/uploads\/2024\/08\/20240801_114840-768x355.jpg 768w, https:\/\/ferienwohnung-grancanaria.com\/wp-content\/uploads\/2024\/08\/20240801_114840-1536x710.jpg 1536w, https:\/\/ferienwohnung-grancanaria.com\/wp-content\/uploads\/2024\/08\/20240801_114840-2048x946.jpg 2048w\" sizes=\"auto, (max-width: 2560px) 100vw, 2560px\" \/><span aria-hidden=\"true\" class=\"wp-block-cover__background has-background-dim-0 has-background-dim\" style=\"background-color:#8a929f\"><\/span><div class=\"wp-block-cover__inner-container is-layout-flow wp-block-cover-is-layout-flow\">\n<div class=\"wp-block-group has-global-padding is-layout-constrained wp-block-group-is-layout-constrained\" style=\"padding-top:var(--wp--preset--spacing--60);padding-bottom:var(--wp--preset--spacing--60)\">\n<div class=\"wp-block-group has-background-color has-foreground-background-color has-text-color has-background is-vertical is-content-justification-center is-layout-flex wp-container-core-group-is-layout-016294e2 wp-block-group-is-layout-flex\" style=\"border-top-left-radius:20%;border-top-right-radius:20%;border-bottom-left-radius:0px;border-bottom-right-radius:0px;padding-top:var(--wp--preset--spacing--70);padding-right:var(--wp--preset--spacing--40);padding-bottom:var(--wp--preset--spacing--70);padding-left:var(--wp--preset--spacing--40)\">\n<h1 class=\"wp-block-heading has-text-align-center has-background-color has-text-color has-link-color has-large-font-size wp-elements-13e56b32a4e3e568d166af278a3085dc\" style=\"padding-top:0;padding-right:var(--wp--preset--spacing--40);padding-bottom:0;padding-left:var(--wp--preset--spacing--40)\">Erleben Sie Gran Canaria in unserer einzigartigen Ferienwohnung.<\/h1>\n\n\n\n<p class=\"has-text-align-center has-background-color has-text-color has-link-color wp-elements-e6d76136449b4eff82bceecea575a1c4\" style=\"margin-top:24px\">Erleben Sie unvergleichlichen Komfort in unserer exklusiven Ferienwohnung, die Ihnen einen wundervollen R\u00fcckzugsort mit atemberaubendem Meerblick bietet.<\/p>\n\n\n\n<p class=\"has-text-align-center\">Buchen Sie dieses traumhafte Apartment im beliebten Komplex &#8222;Monse\u00f1or&#8220; in Playa del Cura.<\/p>\n\n\n\n<div class=\"wp-block-buttons is-content-justification-center is-layout-flex wp-container-core-buttons-is-layout-9165764d wp-block-buttons-is-layout-flex\" style=\"margin-top:var(--wp--preset--spacing--30)\">\n<div class=\"wp-block-button\"><a class=\"wp-block-button__link wp-element-button\" href=\"\/buchung\">Buchen Sie jetzt<\/a><\/div>\n<\/div>\n<\/div>\n<\/div>\n<\/div><\/div>\n\n\n\n<div class=\"wp-block-group alignfull has-tertiary-background-color has-background has-global-padding is-layout-constrained wp-container-core-group-is-layout-7276a2bb wp-block-group-is-layout-constrained\" style=\"margin-top:0;margin-bottom:0;padding-top:var(--wp--preset--spacing--60);padding-right:var(--wp--preset--spacing--30);padding-bottom:var(--wp--preset--spacing--60);padding-left:var(--wp--preset--spacing--30)\">\n<div class=\"wp-block-columns alignwide is-layout-flex wp-container-core-columns-is-layout-47c06fe3 wp-block-columns-is-layout-flex\">\n<div class=\"wp-block-column is-layout-flow wp-block-column-is-layout-flow\" style=\"flex-basis:50%\">\n<h2 class=\"wp-block-heading has-text-align-left has-large-font-size\">Herzlich Willkommen in unserer Ferienwohnung mit atemberaubenden Blick auf die Berge und das Meer.<\/h2>\n<\/div>\n\n\n\n<div class=\"wp-block-column is-layout-flow wp-container-core-column-is-layout-f5bb311e wp-block-column-is-layout-flow\" style=\"flex-basis:50%\">\n<p>Herzlich Willkommen in unserem gro\u00dfz\u00fcgigen voll klimatisierten 2 Zimmer-Apartment (54 m\u00b2). Das Apartment ist ruhig gelegen, geschmackvoll und modern eingerichtet und wurde k\u00fcrzlich renoviert. Es erwartet Sie eine hervorragende Hanglage in erster Reihe mit atemberaubendem Ausblick von der gro\u00dfen Terrasse (18 m\u00b2).<\/p>\n\n\n\n<p>Ideal zur Erholung f\u00fcr Paare oder kleine Familien.<\/p>\n\n\n\n<p>Genie\u00dfen Sie die Sonne an mehr als 300 Tagen im Jahr in einer der besten Klimazonen der Welt.<\/p>\n<\/div>\n<\/div>\n<\/div>\n\n\n\n<div class=\"wp-block-group alignfull has-background-background-color has-background has-global-padding is-layout-constrained wp-container-core-group-is-layout-68d5e5bb wp-block-group-is-layout-constrained\" style=\"margin-top:0;margin-bottom:0;padding-top:var(--wp--preset--spacing--50);padding-right:var(--wp--preset--spacing--30);padding-bottom:var(--wp--preset--spacing--60);padding-left:var(--wp--preset--spacing--30)\">\n<div class=\"wp-block-group alignwide has-global-padding is-content-justification-left is-layout-constrained wp-container-core-group-is-layout-12dd3699 wp-block-group-is-layout-constrained\">\n<h2 class=\"wp-block-heading has-large-font-size\" style=\"margin-top:12px\">Unsere einzigartigen Merkmale<\/h2>\n\n\n\n<p style=\"margin-top:16px\">Erleben Sie einen unvergleichlichen Urlaub in unserer exklusiven Ferienwohnung in Playa del Cura \/ Mogan.<\/p>\n<\/div>\n\n\n\n<div class=\"wp-block-columns alignwide is-layout-flex wp-container-core-columns-is-layout-08c01c1c wp-block-columns-is-layout-flex\">\n<div class=\"wp-block-column is-layout-flow wp-block-column-is-layout-flow\">\n<figure class=\"wp-block-gallery has-nested-images columns-default is-cropped wp-block-gallery-1 is-layout-flex wp-block-gallery-is-layout-flex\">\n<figure class=\"wp-block-image size-large\"><img loading=\"lazy\" decoding=\"async\" width=\"1024\" height=\"683\" data-id=\"475\" src=\"https:\/\/ferienwohnung-grancanaria.com\/wp-content\/uploads\/2024\/11\/IMG_0138-1024x683.jpg\" alt=\"\" class=\"wp-image-475\" srcset=\"https:\/\/ferienwohnung-grancanaria.com\/wp-content\/uploads\/2024\/11\/IMG_0138-1024x683.jpg 1024w, https:\/\/ferienwohnung-grancanaria.com\/wp-content\/uploads\/2024\/11\/IMG_0138-300x200.jpg 300w, https:\/\/ferienwohnung-grancanaria.com\/wp-content\/uploads\/2024\/11\/IMG_0138-150x100.jpg 150w, https:\/\/ferienwohnung-grancanaria.com\/wp-content\/uploads\/2024\/11\/IMG_0138-768x512.jpg 768w, https:\/\/ferienwohnung-grancanaria.com\/wp-content\/uploads\/2024\/11\/IMG_0138-1536x1024.jpg 1536w, https:\/\/ferienwohnung-grancanaria.com\/wp-content\/uploads\/2024\/11\/IMG_0138-2048x1365.jpg 2048w\" sizes=\"auto, (max-width: 1024px) 100vw, 1024px\" \/><figcaption class=\"wp-element-caption\">Schlafzimmer<\/figcaption><\/figure>\n\n\n\n<figure class=\"wp-block-image size-large\"><img loading=\"lazy\" decoding=\"async\" width=\"1024\" height=\"433\" data-id=\"1003\" src=\"https:\/\/ferienwohnung-grancanaria.com\/wp-content\/uploads\/2025\/06\/20240801_113519-1024x433.jpg\" alt=\"\" class=\"wp-image-1003\" srcset=\"https:\/\/ferienwohnung-grancanaria.com\/wp-content\/uploads\/2025\/06\/20240801_113519-1024x433.jpg 1024w, https:\/\/ferienwohnung-grancanaria.com\/wp-content\/uploads\/2025\/06\/20240801_113519-300x127.jpg 300w, https:\/\/ferienwohnung-grancanaria.com\/wp-content\/uploads\/2025\/06\/20240801_113519-150x63.jpg 150w, https:\/\/ferienwohnung-grancanaria.com\/wp-content\/uploads\/2025\/06\/20240801_113519-768x325.jpg 768w, https:\/\/ferienwohnung-grancanaria.com\/wp-content\/uploads\/2025\/06\/20240801_113519-1536x650.jpg 1536w, https:\/\/ferienwohnung-grancanaria.com\/wp-content\/uploads\/2025\/06\/20240801_113519-2048x866.jpg 2048w\" sizes=\"auto, (max-width: 1024px) 100vw, 1024px\" \/><figcaption class=\"wp-element-caption\">Monsenor<\/figcaption><\/figure>\n\n\n\n<figure class=\"wp-block-image size-large\"><img loading=\"lazy\" decoding=\"async\" width=\"1024\" height=\"683\" data-id=\"419\" src=\"https:\/\/ferienwohnung-grancanaria.com\/wp-content\/uploads\/2024\/09\/IMG_3702-1024x683.jpg\" alt=\"\" class=\"wp-image-419\" srcset=\"https:\/\/ferienwohnung-grancanaria.com\/wp-content\/uploads\/2024\/09\/IMG_3702-1024x683.jpg 1024w, https:\/\/ferienwohnung-grancanaria.com\/wp-content\/uploads\/2024\/09\/IMG_3702-300x200.jpg 300w, https:\/\/ferienwohnung-grancanaria.com\/wp-content\/uploads\/2024\/09\/IMG_3702-150x100.jpg 150w, https:\/\/ferienwohnung-grancanaria.com\/wp-content\/uploads\/2024\/09\/IMG_3702-768x512.jpg 768w, https:\/\/ferienwohnung-grancanaria.com\/wp-content\/uploads\/2024\/09\/IMG_3702-1536x1024.jpg 1536w, https:\/\/ferienwohnung-grancanaria.com\/wp-content\/uploads\/2024\/09\/IMG_3702-2048x1365.jpg 2048w\" sizes=\"auto, (max-width: 1024px) 100vw, 1024px\" \/><figcaption class=\"wp-element-caption\">Pool<\/figcaption><\/figure>\n\n\n\n<figure class=\"wp-block-image size-large\"><img loading=\"lazy\" decoding=\"async\" width=\"1024\" height=\"597\" data-id=\"476\" src=\"https:\/\/ferienwohnung-grancanaria.com\/wp-content\/uploads\/2024\/11\/IMG_0146-1024x597.jpg\" alt=\"\" class=\"wp-image-476\" srcset=\"https:\/\/ferienwohnung-grancanaria.com\/wp-content\/uploads\/2024\/11\/IMG_0146-1024x597.jpg 1024w, https:\/\/ferienwohnung-grancanaria.com\/wp-content\/uploads\/2024\/11\/IMG_0146-300x175.jpg 300w, https:\/\/ferienwohnung-grancanaria.com\/wp-content\/uploads\/2024\/11\/IMG_0146-150x87.jpg 150w, https:\/\/ferienwohnung-grancanaria.com\/wp-content\/uploads\/2024\/11\/IMG_0146-768x448.jpg 768w, https:\/\/ferienwohnung-grancanaria.com\/wp-content\/uploads\/2024\/11\/IMG_0146-1536x895.jpg 1536w, https:\/\/ferienwohnung-grancanaria.com\/wp-content\/uploads\/2024\/11\/IMG_0146-2048x1193.jpg 2048w\" sizes=\"auto, (max-width: 1024px) 100vw, 1024px\" \/><figcaption class=\"wp-element-caption\">Terrasse<\/figcaption><\/figure>\n<\/figure>\n\n\n\n<figure class=\"wp-block-image size-full\"><img loading=\"lazy\" decoding=\"async\" width=\"857\" height=\"571\" src=\"https:\/\/ferienwohnung-grancanaria.com\/wp-content\/uploads\/2025\/07\/Grundriss-edited.png\" alt=\"\" class=\"wp-image-1032\" srcset=\"https:\/\/ferienwohnung-grancanaria.com\/wp-content\/uploads\/2025\/07\/Grundriss-edited.png 857w, https:\/\/ferienwohnung-grancanaria.com\/wp-content\/uploads\/2025\/07\/Grundriss-edited-300x200.png 300w, https:\/\/ferienwohnung-grancanaria.com\/wp-content\/uploads\/2025\/07\/Grundriss-edited-150x100.png 150w, https:\/\/ferienwohnung-grancanaria.com\/wp-content\/uploads\/2025\/07\/Grundriss-edited-768x512.png 768w\" sizes=\"auto, (max-width: 857px) 100vw, 857px\" \/><\/figure>\n<\/div>\n\n\n\n<div class=\"wp-block-column is-layout-flow wp-container-core-column-is-layout-ef883af5 wp-block-column-is-layout-flow\">\n<div class=\"wp-block-group has-tertiary-background-color has-background has-global-padding is-layout-constrained wp-container-core-group-is-layout-0e4ecca0 wp-block-group-is-layout-constrained\" style=\"padding-top:1.5rem;padding-right:1.5rem;padding-bottom:1.5rem;padding-left:1.5rem\">\n<h3 class=\"wp-block-heading\" style=\"font-size:clamp(14px, 0.875rem + ((1vw - 3.2px) * 0.625), 20px);line-height:1.5\">Pools<\/h3>\n\n\n\n<p class=\"has-small-font-size\" style=\"margin-top:8px\">Die Anlage verf\u00fcgt \u00fcber 7 Pools (2 Kinderbecken, ein beheizter Pool mit Wasserrutsche)<\/p>\n<\/div>\n\n\n\n<div class=\"wp-block-group has-tertiary-background-color has-background has-global-padding is-layout-constrained wp-container-core-group-is-layout-0e4ecca0 wp-block-group-is-layout-constrained\" style=\"padding-top:1.5rem;padding-right:1.5rem;padding-bottom:1.5rem;padding-left:1.5rem\">\n<h3 class=\"wp-block-heading has-medium-font-size\" style=\"line-height:1.5\">Aktivit\u00e4ten (kostenlos)<\/h3>\n\n\n\n<p style=\"font-size:clamp(0.875rem, 0.875rem + ((1vw - 0.2rem) * 0.208), 1rem);\">Es befinden sich unter anderem ein Tennisplatz, zwei Tischtennisplatten, ein Kinderspielplatz sowie vereinzelte Outdoor Fitnessger\u00e4te auf dem Gel\u00e4nde.<\/p>\n<\/div>\n\n\n\n<div class=\"wp-block-group has-tertiary-background-color has-background has-global-padding is-layout-constrained wp-container-core-group-is-layout-0e4ecca0 wp-block-group-is-layout-constrained\" style=\"padding-top:1.5rem;padding-right:1.5rem;padding-bottom:1.5rem;padding-left:1.5rem\">\n<h3 class=\"wp-block-heading\" style=\"font-size:clamp(14px, 0.875rem + ((1vw - 3.2px) * 0.625), 20px);line-height:1.5\">Essen \/ Trinken<\/h3>\n\n\n\n<p class=\"has-small-font-size\" style=\"margin-top:8px\">Am unteren Pool finden Sie ein Restaurant mit leckeren spanischen und kulinarischen Gerichten. Eine Poolbar finden Sie am oberen Pool.<\/p>\n<\/div>\n\n\n\n<div class=\"wp-block-group has-tertiary-background-color has-background has-global-padding is-layout-constrained wp-container-core-group-is-layout-0e4ecca0 wp-block-group-is-layout-constrained\" style=\"padding-top:1.5rem;padding-right:1.5rem;padding-bottom:1.5rem;padding-left:1.5rem\">\n<h3 class=\"wp-block-heading\" style=\"font-size:clamp(14px, 0.875rem + ((1vw - 3.2px) * 0.625), 20px);line-height:1.5\">Umgebung<\/h3>\n\n\n\n<p class=\"has-small-font-size\" style=\"margin-top:8px\">In fu\u00dfl\u00e4ufiger N\u00e4he (200m) finden Sie ein kleines Einkaufszentrum mit gro\u00dfem Spar Supermarkt (Lieferung der Eink\u00e4ufe auf das Apartment m\u00f6glich), Apotheke, Geldautomat, Restaurants, Cafes, Irish Pub und Gesch\u00e4ften. Der Strand Playa del Cura (flach abfallender Sandstrand) ist nur 350m entfernt. Weitere Str\u00e4nde in der Umgebung: Amadores (1,5 km, karibischer Sand und geschlossene Badebucht), Puerto Rico (4 km, Nightlife, Shopping und Hafen) und in 9 km Puerto de Mogan.<br>Bushaltestelle neben dem Einkaufszentrum (alle Richtungen: Flughafen, Mogan, Playa del Ingles, Las Palmas)<\/p>\n<\/div>\n<\/div>\n<\/div>\n<\/div>\n\n\n\n<div class=\"wp-block-group alignfull has-background-background-color has-background has-global-padding is-layout-constrained wp-container-core-group-is-layout-7276a2bb wp-block-group-is-layout-constrained\" style=\"margin-top:0;margin-bottom:0;padding-top:var(--wp--preset--spacing--60);padding-right:var(--wp--preset--spacing--30);padding-bottom:var(--wp--preset--spacing--60);padding-left:var(--wp--preset--spacing--30)\">\n<div class=\"wp-block-columns alignwide has-tertiary-background-color has-background is-layout-flex wp-container-core-columns-is-layout-7c9548a8 wp-block-columns-is-layout-flex\" style=\"padding-top:0;padding-right:0;padding-bottom:0;padding-left:0\">\n<div class=\"wp-block-column is-vertically-aligned-stretch is-layout-flow wp-block-column-is-layout-flow\" style=\"flex-basis:40%\">\n<div class=\"wp-block-cover is-light\" style=\"min-height:100%;aspect-ratio:unset;\"><img loading=\"lazy\" decoding=\"async\" width=\"2560\" height=\"1440\" class=\"wp-block-cover__image-background wp-image-455\" alt=\"\" src=\"https:\/\/ferienwohnung-grancanaria.com\/wp-content\/uploads\/2024\/11\/IMG_0018-scaled.jpg\" data-object-fit=\"cover\" srcset=\"https:\/\/ferienwohnung-grancanaria.com\/wp-content\/uploads\/2024\/11\/IMG_0018-scaled.jpg 2560w, https:\/\/ferienwohnung-grancanaria.com\/wp-content\/uploads\/2024\/11\/IMG_0018-300x169.jpg 300w, https:\/\/ferienwohnung-grancanaria.com\/wp-content\/uploads\/2024\/11\/IMG_0018-1024x576.jpg 1024w, https:\/\/ferienwohnung-grancanaria.com\/wp-content\/uploads\/2024\/11\/IMG_0018-150x84.jpg 150w, https:\/\/ferienwohnung-grancanaria.com\/wp-content\/uploads\/2024\/11\/IMG_0018-768x432.jpg 768w, https:\/\/ferienwohnung-grancanaria.com\/wp-content\/uploads\/2024\/11\/IMG_0018-1536x864.jpg 1536w, https:\/\/ferienwohnung-grancanaria.com\/wp-content\/uploads\/2024\/11\/IMG_0018-2048x1152.jpg 2048w\" sizes=\"auto, (max-width: 2560px) 100vw, 2560px\" \/><span aria-hidden=\"true\" class=\"wp-block-cover__background has-background-dim-0 has-background-dim\" style=\"background-color:#7e838f\"><\/span><div class=\"wp-block-cover__inner-container is-layout-flow wp-block-cover-is-layout-flow\">\n<div style=\"height:370px\" aria-hidden=\"true\" class=\"wp-block-spacer\"><\/div>\n<\/div><\/div>\n<\/div>\n\n\n\n<div class=\"wp-block-column is-vertically-aligned-center is-layout-flow wp-block-column-is-layout-flow\">\n<div class=\"wp-block-group has-global-padding is-layout-constrained wp-container-core-group-is-layout-301020a0 wp-block-group-is-layout-constrained\" style=\"padding-top:var(--wp--preset--spacing--50);padding-right:var(--wp--preset--spacing--50);padding-bottom:var(--wp--preset--spacing--50);padding-left:var(--wp--preset--spacing--50)\">\n<h2 class=\"wp-block-heading has-large-font-size\">Entdecken Sie Ihr Paradies<\/h2>\n\n\n\n<p style=\"margin-top:16px\">Erleben Sie traumhaften Urlaub mit unserer einzigartigen Ferienwohnung. Genie\u00dfen Sie unvergessliche Momente voller Komfort im sonnigen Playa del Cura auf Gran Canaria.<\/p>\n\n\n\n<div class=\"wp-block-buttons is-content-justification-left is-layout-flex wp-container-core-buttons-is-layout-ec155617 wp-block-buttons-is-layout-flex\" style=\"margin-top:var(--wp--preset--spacing--40)\">\n<div class=\"wp-block-button is-style-outline is-style-outline--2\"><a class=\"wp-block-button__link wp-element-button\" href=\"\/faq\">Weitere Informationen<\/a><\/div>\n\n\n\n<div class=\"wp-block-button\"><a class=\"wp-block-button__link wp-element-button\" href=\"\/buchung\">Buchen Sie jetzt<\/a><\/div>\n<\/div>\n<\/div>\n<\/div>\n<\/div>\n\n\n\n<div class=\"wp-block-columns alignwide has-tertiary-background-color has-background is-layout-flex wp-container-core-columns-is-layout-7c9548a8 wp-block-columns-is-layout-flex\" style=\"padding-top:0;padding-right:0;padding-bottom:0;padding-left:0\">\n<div class=\"wp-block-column is-vertically-aligned-center is-layout-flow wp-block-column-is-layout-flow\">\n<div class=\"wp-block-group is-vertical is-content-justification-center is-layout-flex wp-container-core-group-is-layout-654944e9 wp-block-group-is-layout-flex\" style=\"border-radius:0px;margin-top:0;margin-bottom:0;padding-top:var(--wp--preset--spacing--40);padding-right:var(--wp--preset--spacing--50);padding-bottom:var(--wp--preset--spacing--40);padding-left:var(--wp--preset--spacing--50)\">\n<figure class=\"wp-block-image size-full\"><a href=\"https:\/\/www.skylinewebcams.com\/de\/webcam\/espana\/canarias\/las-palmas-gran-canaria\/mogan-playa-del-cura.html\" target=\"_blank\" rel=\" noreferrer noopener\"><img loading=\"lazy\" decoding=\"async\" width=\"847\" height=\"475\" src=\"https:\/\/ferienwohnung-grancanaria.com\/wp-content\/uploads\/2025\/03\/Webcam.png\" alt=\"Webcam\" class=\"wp-image-909\" srcset=\"https:\/\/ferienwohnung-grancanaria.com\/wp-content\/uploads\/2025\/03\/Webcam.png 847w, https:\/\/ferienwohnung-grancanaria.com\/wp-content\/uploads\/2025\/03\/Webcam-300x168.png 300w, https:\/\/ferienwohnung-grancanaria.com\/wp-content\/uploads\/2025\/03\/Webcam-150x84.png 150w, https:\/\/ferienwohnung-grancanaria.com\/wp-content\/uploads\/2025\/03\/Webcam-768x431.png 768w\" sizes=\"auto, (max-width: 847px) 100vw, 847px\" \/><\/a><\/figure>\n\n\n\n<div class=\"wp-block-buttons is-content-justification-left is-layout-flex wp-container-core-buttons-is-layout-ec155617 wp-block-buttons-is-layout-flex\" style=\"margin-top:var(--wp--preset--spacing--40)\">\n<div class=\"wp-block-button\"><a class=\"wp-block-button__link wp-element-button\" href=\"https:\/\/www.skylinewebcams.com\/de\/webcam\/espana\/canarias\/las-palmas-gran-canaria\/mogan-playa-del-cura.html\" target=\"_blank\" rel=\"noreferrer noopener\">Zur Webcam<\/a><\/div>\n<\/div>\n<\/div>\n<\/div>\n<\/div>\n<\/div>\n\n\n\n<p><\/p>\n","protected":false},"excerpt":{"rendered":"<p>Herzlich Willkommen in unserer Ferienwohnung mit atemberaubenden Blick auf die Berge und das Meer. Herzlich Willkommen in unserem gro\u00dfz\u00fcgigen voll klimatisierten 2 Zimmer-Apartment (54 m\u00b2). Das Apartment ist ruhig gelegen, geschmackvoll und modern eingerichtet und wurde k\u00fcrzlich renoviert. Es erwartet Sie eine hervorragende Hanglage in erster Reihe mit atemberaubendem Ausblick von der gro\u00dfen Terrasse (18 [&hellip;]<\/p>\n","protected":false},"author":1,"featured_media":476,"parent":0,"menu_order":0,"comment_status":"closed","ping_status":"closed","template":"no-title","meta":{"pgc_sgb_lightbox_settings":"","footnotes":""},"class_list":["post-18","page","type-page","status-publish","has-post-thumbnail","hentry"],"aioseo_notices":[],"_links":{"self":[{"href":"https:\/\/ferienwohnung-grancanaria.com\/de\/wp-json\/wp\/v2\/pages\/18","targetHints":{"allow":["GET"]}}],"collection":[{"href":"https:\/\/ferienwohnung-grancanaria.com\/de\/wp-json\/wp\/v2\/pages"}],"about":[{"href":"https:\/\/ferienwohnung-grancanaria.com\/de\/wp-json\/wp\/v2\/types\/page"}],"author":[{"embeddable":true,"href":"https:\/\/ferienwohnung-grancanaria.com\/de\/wp-json\/wp\/v2\/users\/1"}],"replies":[{"embeddable":true,"href":"https:\/\/ferienwohnung-grancanaria.com\/de\/wp-json\/wp\/v2\/comments?post=18"}],"version-history":[{"count":44,"href":"https:\/\/ferienwohnung-grancanaria.com\/de\/wp-json\/wp\/v2\/pages\/18\/revisions"}],"predecessor-version":[{"id":1036,"href":"https:\/\/ferienwohnung-grancanaria.com\/de\/wp-json\/wp\/v2\/pages\/18\/revisions\/1036"}],"wp:featuredmedia":[{"embeddable":true,"href":"https:\/\/ferienwohnung-grancanaria.com\/de\/wp-json\/wp\/v2\/media\/476"}],"wp:attachment":[{"href":"https:\/\/ferienwohnung-grancanaria.com\/de\/wp-json\/wp\/v2\/media?parent=18"}],"curies":[{"name":"wp","href":"https:\/\/api.w.org\/{rel}","templated":true}]}}