{"id":15,"date":"2024-08-09T13:42:57","date_gmt":"2024-08-09T13:42:57","guid":{"rendered":"https:\/\/ferienwohnung-grancanaria.com\/ueber\/"},"modified":"2025-06-27T17:11:17","modified_gmt":"2025-06-27T15:11:17","slug":"impressum","status":"publish","type":"page","link":"https:\/\/ferienwohnung-grancanaria.com\/de\/impressum\/","title":{"rendered":"Impressum"},"content":{"rendered":"\n<div class=\"wp-block-group alignfull has-background-background-color has-background has-global-padding is-layout-constrained wp-block-group-is-layout-constrained\" style=\"margin-top:0;margin-bottom:0;padding-top:0;padding-bottom:0\">\n<div class=\"wp-block-cover alignfull\" style=\"padding-top:0;padding-right:var(--wp--preset--spacing--30);padding-bottom:0;padding-left:var(--wp--preset--spacing--30);min-height:50px;aspect-ratio:unset;\"><img loading=\"lazy\" decoding=\"async\" width=\"1024\" height=\"573\" class=\"wp-block-cover__image-background wp-image-692 size-large\" alt=\"\" src=\"https:\/\/ferienwohnung-grancanaria.com\/wp-content\/uploads\/2025\/02\/20250202_183637-1024x573.jpg\" data-object-fit=\"cover\" srcset=\"https:\/\/ferienwohnung-grancanaria.com\/wp-content\/uploads\/2025\/02\/20250202_183637-1024x573.jpg 1024w, https:\/\/ferienwohnung-grancanaria.com\/wp-content\/uploads\/2025\/02\/20250202_183637-300x168.jpg 300w, https:\/\/ferienwohnung-grancanaria.com\/wp-content\/uploads\/2025\/02\/20250202_183637-150x84.jpg 150w, https:\/\/ferienwohnung-grancanaria.com\/wp-content\/uploads\/2025\/02\/20250202_183637-768x430.jpg 768w, https:\/\/ferienwohnung-grancanaria.com\/wp-content\/uploads\/2025\/02\/20250202_183637-1536x860.jpg 1536w, https:\/\/ferienwohnung-grancanaria.com\/wp-content\/uploads\/2025\/02\/20250202_183637-2048x1146.jpg 2048w\" sizes=\"auto, (max-width: 1024px) 100vw, 1024px\" \/><span aria-hidden=\"true\" class=\"wp-block-cover__background has-black-background-color has-background-dim-60 has-background-dim\"><\/span><div class=\"wp-block-cover__inner-container is-layout-flow wp-block-cover-is-layout-flow\">\n<div class=\"wp-block-group has-global-padding is-layout-constrained wp-block-group-is-layout-constrained\" style=\"padding-top:var(--wp--preset--spacing--60);padding-bottom:var(--wp--preset--spacing--60)\">\n<h1 class=\"wp-block-heading alignwide has-text-align-left has-text-color has-x-large-font-size\" style=\"color:#fffffffc\">Impressum \/ Datenschutz<\/h1>\n<\/div>\n<\/div><\/div>\n<\/div>\n\n\n\n<div class=\"wp-block-group alignfull has-tertiary-background-color has-background has-global-padding is-layout-constrained wp-container-core-group-is-layout-7276a2bb wp-block-group-is-layout-constrained\" style=\"margin-top:0;margin-bottom:0;padding-top:var(--wp--preset--spacing--60);padding-right:var(--wp--preset--spacing--30);padding-bottom:var(--wp--preset--spacing--60);padding-left:var(--wp--preset--spacing--30)\">\n<div class=\"wp-block-columns alignwide is-layout-flex wp-container-core-columns-is-layout-47c06fe3 wp-block-columns-is-layout-flex\">\n<div class=\"wp-block-column is-layout-flow wp-container-core-column-is-layout-f5bb311e wp-block-column-is-layout-flow\" style=\"flex-basis:50%\">\n<pre class=\"wp-block-verse\">Impressum<br>Angaben gem\u00e4\u00df \u00a7 5 TMG:<br>Name: Ferienwohnung Gran Canaria<br>Inhaber: Andreas und Jana Wegener<br><br>Deutschland:<br>Anschrift: Bozener Str. 2, 16341 Panketal, Deutschland<br>Tel.: +49 176 95292874<br>info@ferienwohnung-grancanaria.com<br>web: www.ferienwohnung-grancanaria.com<br><strong>Umsatzsteuer-Nummer: 21\/581\/60599 nach \u00a7 19 UStG Umsatzsteuer befreit<\/strong><br><br>Spanien:<br>Playa del Cura, C. Petrel 4<br>35138 Mog\u00e1n, Las Palmas, Spanien<br>VV Nummer: VV-35-1-0011850<br>Registrierungsnummer:&nbsp;ESFCTU0000350210000595660000000000000VV-35-1-00118505<br><br>Online-Streitschlichtung (ODR- Verordnung):<br>Die Europ\u00e4ische Kommission stellt eine Plattform f\u00fcr die au\u00dfergerichtliche Online-Streitbeilegung (OS Plattform) bereit, die unter www.ec.europa.eu\/consumers\/odr aufrufbar ist. Wir sind weder verpflichtet noch bereit, an dem Streitschlichtungsverfahren teilzunehmen. Hinweis nach dem Verbraucherstreitbeilegungsgesetz (VSBG):Wir sind nicht bereit und nicht verpflichtet an Streitbeilegungsverfahren vor einer Verbraucherschlichtungsstelle im Sinne des Verbraucherstreitbeilegungsgesetzes teilzunehmen. Haftungsausschluss: Haftung f\u00fcr Inhalte: Jegliche Inhalte meiner Website wurden mit gr\u00f6\u00dfter Sorgfalt erstellt. Allerdings k\u00f6nnen wir f\u00fcr die Richtigkeit, Vollst\u00e4ndigkeit und Aktualit\u00e4t der Inhalte keine Gew\u00e4hr \u00fcbernehmen. Wir sind gem\u00e4\u00df \u00a7 7 Abs.1 TMG f\u00fcr eigene Inhalte auf diesen Seiten gesetzlich verantwortlich. Nach \u00a7\u00a7 8 bis 10 TMG sind wir jedoch nicht verpflichtet, \u00fcbermittelte oder gespeicherte fremde Informationen zu \u00fcberwachen oder nach Umst\u00e4nden zu forschen, die auf eine rechtswidrige T\u00e4tigkeit hinweisen. Gesetzliche Verpflichtungen zur Entfernung oder Sperrung der Nutzung bleiben hiervon unber\u00fchrt. Bei Bekanntwerden von entsprechenden Rechtsverletzungen werden wir diese Inhalte umgehend entfernen. Haftung f\u00fcr Links: Diese Website enth\u00e4lt Links zu externen Webseiten Dritter, auf deren Inhalte wir keinen Einfluss haben. Deshalb k\u00f6nnen wir f\u00fcr diese fremden Inhalte keine Gew\u00e4hr \u00fcbernehmen. F\u00fcr die Inhalte der von uns verlinkten Seiten ist der jeweilige Betreiber der entsprechenden Webseiten verantwortlich. Die verlinkten Seiten wurden zum Zeitpunkt der Verlinkung auf m\u00f6gliche Rechtsverst\u00f6\u00dfe \u00fcberpr\u00fcft. Rechtswidrige Inhalte waren f\u00fcr uns zum Zeitpunkt der Verlinkung nicht erkennbar. Bei Bekanntwerden von Rechtsverletzungen werden wir derartige Links unverz\u00fcglich entfernen. Urheberrecht: Die durch uns erstellten Inhalte und Werke auf unseren Seiten unterliegen dem Urheberrecht. Die Vervielf\u00e4ltigung, Bearbeitung, Verbreitung und jede Art der Verwertung au\u00dferhalb der Grenzen des Urheberrechtes bed\u00fcrfen der schriftlichen Einwilligung des Erstellers. Soweit die Inhalte auf unseren Seiten nicht von uns erstellt wurden, werden die Urheberrechte Dritter beachtet. Insbesondere kennzeichnen wir Inhalte Dritter als solche. Bei Bekanntwerden von Rechtsverletzungen werden wir derartige Inhalte umgehend entfernen. Datenschutz: wir weisen Sie darauf hin, dass die Daten\u00fcbertragung im Internet Sicherheitsl\u00fccken aufweisen kann. Ein l\u00fcckenloser Schutz der Daten bzw. Ihrer Daten vor dem Zugriff durch Dritte ist nicht m\u00f6glich. Der Nutzung von im Rahmen der Impressumspflicht von uns ver\u00f6ffentlichten Kontaktdaten durch Dritte zur \u00dcbersendung von nicht ausdr\u00fccklich angeforderter Werbung und Informationsmaterialien wird hiermit ausdr\u00fccklich widersprochen. Wir behalten uns ausdr\u00fccklich rechtliche Schritte im Falle der unverlangten Zusendung von Werbeinformationen vor. Dies gilt auch f\u00fcr Spam-E-Mails. Weitere Informationen finden Sie in unserer Datenschutzinformation. Inhaltlich verantwortlich gem\u00e4\u00df \u00a7 10 Absatz 3 MDStV: Andreas Wegener, Jana Wegener<br><\/pre>\n\n\n\n<h4 class=\"wp-block-heading\">Datenschutzerkl\u00e4rung<\/h4>\n\n\n\n<h6 class=\"wp-block-heading\">Allgemeiner Hinweis und Pflichtinformationen<\/h6>\n\n\n\n<h6 class=\"wp-block-heading\">Benennung der verantwortlichen Stelle<\/h6>\n\n\n\n<p>Die verantwortliche Stelle f\u00fcr die Datenverarbeitung auf dieser Website ist:<\/p>\n\n\n\n<p>Andreas und Jana Wegener<br>Bozener Str. 2<br>16341 Panketal<\/p>\n\n\n\n<p>Die verantwortliche Stelle entscheidet allein oder gemeinsam mit anderen \u00fcber die Zwecke und Mittel der Verarbeitung von personenbezogenen Daten (z.B. Namen, Kontaktdaten o. \u00c4.).<\/p>\n\n\n\n<h6 class=\"wp-block-heading\">Widerruf Ihrer Einwilligung zur Datenverarbeitung<\/h6>\n\n\n\n<p>Nur mit Ihrer ausdr\u00fccklichen Einwilligung sind einige Vorg\u00e4nge der Datenverarbeitung m\u00f6glich. Ein Widerruf Ihrer bereits erteilten Einwilligung ist jederzeit m\u00f6glich. F\u00fcr den Widerruf gen\u00fcgt eine formlose Mitteilung per E-Mail. Die Rechtm\u00e4\u00dfigkeit der bis zum Widerruf erfolgten Datenverarbeitung bleibt vom Widerruf unber\u00fchrt.<\/p>\n\n\n\n<h6 class=\"wp-block-heading\">Recht auf Beschwerde bei der zust\u00e4ndigen Aufsichtsbeh\u00f6rde<\/h6>\n\n\n\n<p>Als Betroffener steht Ihnen im Falle eines datenschutzrechtlichen Versto\u00dfes ein Beschwerderecht bei der zust\u00e4ndigen Aufsichtsbeh\u00f6rde zu. Zust\u00e4ndige Aufsichtsbeh\u00f6rde bez\u00fcglich datenschutzrechtlicher Fragen ist der Landesdatenschutzbeauftragte des Bundeslandes, in dem sich der Sitz unseres Unternehmens befindet. Der folgende Link stellt eine Liste der Datenschutzbeauftragten sowie deren Kontaktdaten bereit:https:\/\/www.bfdi.bund.de\/DE\/Infothek\/Anschriften_Links\/anschriften_links-node.html.<\/p>\n\n\n\n<h6 class=\"wp-block-heading\">Recht auf Daten\u00fcbertragbarkeit<\/h6>\n\n\n\n<p>Ihnen steht das Recht zu, Daten, die wir auf Grundlage Ihrer Einwilligung oder in Erf\u00fcllung eines Vertrags automatisiert verarbeiten, an sich oder an Dritte aush\u00e4ndigen zu lassen. Die Bereitstellung erfolgt in einem maschinenlesbaren Format. Sofern Sie die direkte \u00dcbertragung der Daten an einen anderen Verantwortlichen verlangen, erfolgt dies nur, soweit es technisch machbar ist.<\/p>\n\n\n\n<h6 class=\"wp-block-heading\">Recht auf Auskunft, Berichtigung, Sperrung, L\u00f6schung<\/h6>\n\n\n\n<p>Sie haben jederzeit im Rahmen der geltenden gesetzlichen Bestimmungen das Recht auf unentgeltliche Auskunft \u00fcber Ihre gespeicherten personenbezogenen Daten, Herkunft der Daten, deren Empf\u00e4nger und den Zweck der Datenverarbeitung und ggf. ein Recht auf Berichtigung, Sperrung oder L\u00f6schung dieser Daten. Diesbez\u00fcglich und auch zu weiteren Fragen zum Thema personenbezogene Daten k\u00f6nnen Sie sich jederzeit \u00fcber die im Impressum aufgef\u00fchrten Kontaktm\u00f6glichkeiten an uns wenden.<\/p>\n\n\n\n<h6 class=\"wp-block-heading\">SSL-bzw. TLS-Verschl\u00fcsselung<\/h6>\n\n\n\n<p>Aus Sicherheitsgr\u00fcnden und zum Schutz der \u00dcbertragung vertraulicher Inhalte, die Sie an uns als Seitenbetreiber senden, nutzt unsere Website eine SSL-bzw. TLS-Verschl\u00fcsselung. Damit sind Daten, die Sie \u00fcber diese Website \u00fcbermitteln, f\u00fcr Dritte nicht mitlesbar. Sie erkennen eine verschl\u00fcsselte Verbindung an der \u201ehttps:\/\/\u201c Adresszeile Ihres Browsers und am Schloss-Symbol in der Browserzeile.<\/p>\n\n\n\n<h6 class=\"wp-block-heading\">Kontaktformular<\/h6>\n\n\n\n<p>Per Kontaktformular \u00fcbermittelte Daten werden einschlie\u00dflich Ihrer Kontaktdaten gespeichert, um Ihre Anfrage bearbeiten zu k\u00f6nnen oder um f\u00fcr Anschlussfragen bereitzustehen. Eine Weitergabe dieser Daten findet ohne Ihre Einwilligung nicht statt. Die Verarbeitung der in das Kontaktformular eingegebenen Daten erfolgt ausschlie\u00dflich auf Grundlage Ihrer Einwilligung (Art. 6 Abs. 1 lit. a DSGVO). Ein Widerruf Ihrer bereits erteilten Einwilligung ist jederzeit m\u00f6glich. F\u00fcr den Widerruf gen\u00fcgt eine formlose Mitteilung per E-Mail. Die Rechtm\u00e4\u00dfigkeit der bis zum Widerruf erfolgten Datenverarbeitungsvorg\u00e4nge bleibt vom Widerruf unber\u00fchrt. \u00dcber das Kontaktformular \u00fcbermittelte Daten verbleiben bei uns, bis Sie uns zur L\u00f6schung auffordern, Ihre Einwilligung zur Speicherung widerrufen oder keine Notwendigkeit der Datenspeicherung mehr besteht. Zwingende gesetzliche Bestimmungen -insbesondere Aufbewahrungsfristen -bleiben unber\u00fchrt.<\/p>\n<\/div>\n<\/div>\n<\/div>\n","protected":false},"excerpt":{"rendered":"<p>ImpressumAngaben gem\u00e4\u00df \u00a7 5 TMG:Name: Ferienwohnung Gran CanariaInhaber: Andreas und Jana WegenerDeutschland:Anschrift: Bozener Str. 2, 16341 Panketal, DeutschlandTel.: +49 176 95292874info@ferienwohnung-grancanaria.comweb: www.ferienwohnung-grancanaria.comUmsatzsteuer-Nummer: 21\/581\/60599 nach \u00a7 19 UStG Umsatzsteuer befreitSpanien:Playa del Cura, C. Petrel 435138 Mog\u00e1n, Las Palmas, SpanienVV Nummer: VV-35-1-0011850Registrierungsnummer:&nbsp;ESFCTU0000350210000595660000000000000VV-35-1-00118505Online-Streitschlichtung (ODR- Verordnung):Die Europ\u00e4ische Kommission stellt eine Plattform f\u00fcr die au\u00dfergerichtliche Online-Streitbeilegung (OS Plattform) bereit, die [&hellip;]<\/p>\n","protected":false},"author":1,"featured_media":0,"parent":0,"menu_order":0,"comment_status":"closed","ping_status":"closed","template":"no-title","meta":{"pgc_sgb_lightbox_settings":"","footnotes":""},"class_list":["post-15","page","type-page","status-publish","hentry"],"aioseo_notices":[],"_links":{"self":[{"href":"https:\/\/ferienwohnung-grancanaria.com\/de\/wp-json\/wp\/v2\/pages\/15","targetHints":{"allow":["GET"]}}],"collection":[{"href":"https:\/\/ferienwohnung-grancanaria.com\/de\/wp-json\/wp\/v2\/pages"}],"about":[{"href":"https:\/\/ferienwohnung-grancanaria.com\/de\/wp-json\/wp\/v2\/types\/page"}],"author":[{"embeddable":true,"href":"https:\/\/ferienwohnung-grancanaria.com\/de\/wp-json\/wp\/v2\/users\/1"}],"replies":[{"embeddable":true,"href":"https:\/\/ferienwohnung-grancanaria.com\/de\/wp-json\/wp\/v2\/comments?post=15"}],"version-history":[{"count":17,"href":"https:\/\/ferienwohnung-grancanaria.com\/de\/wp-json\/wp\/v2\/pages\/15\/revisions"}],"predecessor-version":[{"id":1018,"href":"https:\/\/ferienwohnung-grancanaria.com\/de\/wp-json\/wp\/v2\/pages\/15\/revisions\/1018"}],"wp:attachment":[{"href":"https:\/\/ferienwohnung-grancanaria.com\/de\/wp-json\/wp\/v2\/media?parent=15"}],"curies":[{"name":"wp","href":"https:\/\/api.w.org\/{rel}","templated":true}]}}