{"id":11,"date":"2024-08-09T13:42:56","date_gmt":"2024-08-09T13:42:56","guid":{"rendered":"https:\/\/ferienwohnung-grancanaria.com\/dienstleistungen\/"},"modified":"2025-07-07T10:26:08","modified_gmt":"2025-07-07T08:26:08","slug":"dienstleistungen","status":"publish","type":"page","link":"https:\/\/ferienwohnung-grancanaria.com\/de\/dienstleistungen\/","title":{"rendered":"Ausstattung"},"content":{"rendered":"\n<div class=\"wp-block-group alignfull has-background-background-color has-background has-global-padding is-layout-constrained wp-block-group-is-layout-constrained\" style=\"margin-top:0;margin-bottom:0;padding-top:0;padding-bottom:0\">\n<div class=\"wp-block-cover alignfull\" style=\"padding-top:0;padding-right:var(--wp--preset--spacing--30);padding-bottom:0;padding-left:var(--wp--preset--spacing--30);min-height:247px;aspect-ratio:unset;\"><img loading=\"lazy\" decoding=\"async\" width=\"2560\" height=\"1562\" class=\"wp-block-cover__image-background wp-image-695\" alt=\"\" src=\"https:\/\/ferienwohnung-grancanaria.com\/wp-content\/uploads\/2025\/02\/20250207_104919-1-scaled.jpg\" data-object-fit=\"cover\" srcset=\"https:\/\/ferienwohnung-grancanaria.com\/wp-content\/uploads\/2025\/02\/20250207_104919-1-scaled.jpg 2560w, https:\/\/ferienwohnung-grancanaria.com\/wp-content\/uploads\/2025\/02\/20250207_104919-1-300x183.jpg 300w, https:\/\/ferienwohnung-grancanaria.com\/wp-content\/uploads\/2025\/02\/20250207_104919-1-1024x625.jpg 1024w, https:\/\/ferienwohnung-grancanaria.com\/wp-content\/uploads\/2025\/02\/20250207_104919-1-150x92.jpg 150w, https:\/\/ferienwohnung-grancanaria.com\/wp-content\/uploads\/2025\/02\/20250207_104919-1-768x469.jpg 768w, https:\/\/ferienwohnung-grancanaria.com\/wp-content\/uploads\/2025\/02\/20250207_104919-1-1536x937.jpg 1536w, https:\/\/ferienwohnung-grancanaria.com\/wp-content\/uploads\/2025\/02\/20250207_104919-1-2048x1249.jpg 2048w\" sizes=\"auto, (max-width: 2560px) 100vw, 2560px\" \/><span aria-hidden=\"true\" class=\"wp-block-cover__background has-black-background-color has-background-dim-60 has-background-dim\"><\/span><div class=\"wp-block-cover__inner-container is-layout-flow wp-block-cover-is-layout-flow\">\n<div class=\"wp-block-group has-global-padding is-layout-constrained wp-block-group-is-layout-constrained\" style=\"padding-top:var(--wp--preset--spacing--60);padding-bottom:var(--wp--preset--spacing--60)\">\n<h1 class=\"wp-block-heading alignwide has-text-align-left has-text-color has-x-large-font-size\" style=\"color:#fffffffc\">Ausstattung<\/h1>\n<\/div>\n<\/div><\/div>\n<\/div>\n\n\n\n<div class=\"wp-block-group alignfull has-tertiary-background-color has-background has-global-padding is-layout-constrained wp-container-core-group-is-layout-7276a2bb wp-block-group-is-layout-constrained\" style=\"margin-top:0;margin-bottom:0;padding-top:var(--wp--preset--spacing--60);padding-right:var(--wp--preset--spacing--30);padding-bottom:var(--wp--preset--spacing--60);padding-left:var(--wp--preset--spacing--30)\">\n<div class=\"wp-block-group alignwide has-global-padding is-content-justification-left is-layout-constrained wp-container-core-group-is-layout-8b4c372c wp-block-group-is-layout-constrained\">\n<h2 class=\"wp-block-heading has-large-font-size\">Unsere exklusiven Ferienwohnungsangebote<\/h2>\n\n\n\n<p style=\"margin-top:16px\">Genie\u00dfen Sie eine vollausgestattete Ferienwohnung mit den erstklassigen Vorz\u00fcgen des Komplexes Monse\u00f1or. Erleben Sie unvergessliche Urlaubsmomente in der exzellenten Lage unweit vom Meer in der Playa del Cura.  <\/p>\n<\/div>\n\n\n\n<div class=\"wp-block-columns alignwide are-vertically-aligned-top is-layout-flex wp-container-core-columns-is-layout-08c01c1c wp-block-columns-is-layout-flex\">\n<div class=\"wp-block-column is-vertically-aligned-top is-layout-flow wp-block-column-is-layout-flow\">\n<div class=\"wp-block-group has-global-padding is-layout-constrained wp-block-group-is-layout-constrained\">\n<h3 class=\"wp-block-heading\" style=\"font-size:clamp(14px, 0.875rem + ((1vw - 3.2px) * 0.625), 20px);line-height:1.5\">Luxuri\u00f6ser Komplex Monse\u00f1or<\/h3>\n\n\n\n<p class=\"has-small-font-size\" style=\"margin-top:8px\">Genie\u00dfen Sie alle kostenlosen Annehmlichkeiten unserer Anlage. Tauchen Sie ein in einen von insgesamt 7 Pools (einer beheizt und mit Poolrutsche). Trinken Sie ein kaltes Getr\u00e4nk an der Poolbar und gehen Sie im Restaurant essen. Neben einem Tennisplatz stehen Ihnen Tischtennisplatten und ein Kinderspielplatz zur Verf\u00fcgung. <\/p>\n<\/div>\n\n\n\n<div class=\"wp-block-group has-global-padding is-layout-constrained wp-block-group-is-layout-constrained\">\n<h3 class=\"wp-block-heading\" style=\"font-size:clamp(14px, 0.875rem + ((1vw - 3.2px) * 0.625), 20px);line-height:1.5\">Einzigartige Ferienwohnung<\/h3>\n\n\n\n<p class=\"has-small-font-size\" style=\"margin-top:8px\">Genie\u00dfen Sie in unserer exklusiven Ferienwohnung den vollen Komfort. Auf der ger\u00e4umigen Terrasse k\u00f6nnen Sie beim Essen den wundervollen Panoramablick auf Meer und Berge genie\u00dfen und auf unseren luxuri\u00f6sen Sonnenliegen ein wohltuendes Sonnenbad genie\u00dfen. Eine gro\u00dfe Markise sorgt im Bedarfsfall f\u00fcr Schatten. F\u00fcr einen unbeschwerten Strandtag steht Ihnen u.a. ein Sonnenschirm, Strandlaken, eine K\u00fchlbox und Buddelsachen f\u00fcr die Kleinen bereit.<\/p>\n<\/div>\n\n\n\n<div class=\"wp-block-group has-global-padding is-layout-constrained wp-block-group-is-layout-constrained\">\n<h3 class=\"wp-block-heading\" style=\"font-size:clamp(14px, 0.875rem + ((1vw - 3.2px) * 0.625), 20px);line-height:1.5\">Komfortabler Aufenthalt<\/h3>\n\n\n\n<p class=\"has-small-font-size\" style=\"margin-top:8px\">Erleben Sie einen komfortablen Aufenthalt in unserer klimatisierten Ferienwohnung. In der K\u00fcche befindet sich alles was das Herz begehrt inkl. Geschirrsp\u00fcler und K\u00fchlschrank mit integriertem Gefrierfach. Eine gro\u00dfe begehbare Dusche und Waschmaschine <\/p>\n\n\n\n<p><\/p>\n<\/div>\n<\/div>\n\n\n\n<div class=\"wp-block-column is-vertically-aligned-top is-layout-flow wp-block-column-is-layout-flow\">\n<figure class=\"wp-block-gallery has-nested-images columns-default is-cropped wp-block-gallery-1 is-layout-flex wp-block-gallery-is-layout-flex\">\n<figure class=\"wp-block-image size-full ext-aspect-landscape\"><img loading=\"lazy\" decoding=\"async\" width=\"2560\" height=\"1441\" data-id=\"693\" src=\"https:\/\/ferienwohnung-grancanaria.com\/wp-content\/uploads\/2025\/02\/20250207_104901-1-scaled.jpg\" alt=\"\" class=\"wp-image-693\" style=\"aspect-ratio:1;object-fit:cover\" srcset=\"https:\/\/ferienwohnung-grancanaria.com\/wp-content\/uploads\/2025\/02\/20250207_104901-1-scaled.jpg 2560w, https:\/\/ferienwohnung-grancanaria.com\/wp-content\/uploads\/2025\/02\/20250207_104901-1-300x169.jpg 300w, https:\/\/ferienwohnung-grancanaria.com\/wp-content\/uploads\/2025\/02\/20250207_104901-1-1024x577.jpg 1024w, https:\/\/ferienwohnung-grancanaria.com\/wp-content\/uploads\/2025\/02\/20250207_104901-1-150x84.jpg 150w, https:\/\/ferienwohnung-grancanaria.com\/wp-content\/uploads\/2025\/02\/20250207_104901-1-768x432.jpg 768w, https:\/\/ferienwohnung-grancanaria.com\/wp-content\/uploads\/2025\/02\/20250207_104901-1-1536x865.jpg 1536w, https:\/\/ferienwohnung-grancanaria.com\/wp-content\/uploads\/2025\/02\/20250207_104901-1-2048x1153.jpg 2048w\" sizes=\"auto, (max-width: 2560px) 100vw, 2560px\" \/><figcaption class=\"wp-element-caption\">K\u00fcche<\/figcaption><\/figure>\n<\/figure>\n<\/div>\n<\/div>\n<\/div>\n\n\n\n<div class=\"wp-block-group alignfull has-background-background-color has-background has-global-padding is-layout-constrained wp-container-core-group-is-layout-68d5e5bb wp-block-group-is-layout-constrained\" style=\"margin-top:0;margin-bottom:0;padding-top:var(--wp--preset--spacing--50);padding-right:var(--wp--preset--spacing--30);padding-bottom:var(--wp--preset--spacing--60);padding-left:var(--wp--preset--spacing--30)\">\n<div class=\"wp-block-group alignwide has-global-padding is-content-justification-left is-layout-constrained wp-container-core-group-is-layout-12dd3699 wp-block-group-is-layout-constrained\">\n<h2 class=\"wp-block-heading has-large-font-size\">Unsere Ausstattungsmerkmale<\/h2>\n\n\n\n<p class=\"has-medium-font-size\" style=\"margin-top:16px\"><strong>Unsere Ferienwohnung liegt zwischen zwei Fahrst\u00fchlen und ist nur \u00fcber eine Treppe erreichbar.<\/strong><\/p>\n<\/div>\n\n\n\n<div class=\"wp-block-columns alignwide is-layout-flex wp-container-core-columns-is-layout-87beb0d0 wp-block-columns-is-layout-flex\">\n<div class=\"wp-block-column has-tertiary-background-color has-background is-layout-flow wp-block-column-is-layout-flow\" style=\"padding-top:1.5rem;padding-right:1.5rem;padding-bottom:1.5rem;padding-left:1.5rem\">\n<h3 class=\"wp-block-heading\" style=\"font-size:clamp(14px, 0.875rem + ((1vw - 3.2px) * 0.625), 20px);line-height:1.5\">Unterkunft<\/h3>\n\n\n\n<ul class=\"wp-block-list\">\n<li>Schlafzimmer: Doppelbett, 2x Nachttisch mit Steckdose, Bettw\u00e4sche, Einbauschrank, Tresor, Fernseher (nur Streaming Dienste), Zugang zur Terrasse, B\u00fcgelbrett und B\u00fcgeleisen, Ventilator<\/li>\n\n\n\n<li>Wohnzimmer: Schlafsofa, Fernseher mit Internationales TV, Internet-Radio, Klimaanlage, Zugang zur Terrasse<\/li>\n\n\n\n<li>schnelles W-LAN mit 408 Mbp\/s <\/li>\n\n\n\n<li>offene K\u00fcche mit: Geschirrsp\u00fcler, Mikrowelle, Induktionsherd, Ofen, Kaffeemaschine, Kapselmaschine, Toaster, Wasserkocher, K\u00fchlschrank mit Gefrierfach, extra Gefrierschrank, K\u00fcchenutensilien, K\u00fcchentheke mit 2 St\u00fchlen<\/li>\n\n\n\n<li>Badezimmer: gro\u00dfe Dusche, Waschmaschine, WC, Waschbecken, F\u00f6hn, Kosmetikspiegel, Handt\u00fccher, Strandt\u00fccher<\/li>\n\n\n\n<li>Sonnenterrasse: 2 Sonnenliegen, Esstisch mit 4 St\u00fchlen, integrierte Sonnenbank, gro\u00dfe Markise \u00fcber der gesamten Terrasse, W\u00e4scheleinen, Au\u00dfenbeleuchtung<\/li>\n\n\n\n<li>Haustiere sind <strong>nicht<\/strong> gestattet<\/li>\n\n\n\n<li>Rauchen ist nur auf der Terrasse gestattet<\/li>\n<\/ul>\n<\/div>\n\n\n\n<div class=\"wp-block-column has-tertiary-background-color has-background is-layout-flow wp-block-column-is-layout-flow\" style=\"padding-top:1.5rem;padding-right:1.5rem;padding-bottom:1.5rem;padding-left:1.5rem\">\n<h3 class=\"wp-block-heading\" style=\"font-size:clamp(14px, 0.875rem + ((1vw - 3.2px) * 0.625), 20px);line-height:1.5\">Anlage<\/h3>\n\n\n\n<ul class=\"wp-block-list\">\n<li>7 Pools (einer davon beheizt)<\/li>\n\n\n\n<li>1 Poolrutsche<\/li>\n\n\n\n<li>Tennisplatz<\/li>\n\n\n\n<li>2 Tischtennisplatten<\/li>\n\n\n\n<li>Kinderspielplatz<\/li>\n\n\n\n<li>Poolbar mit Snacks und Getr\u00e4nken<\/li>\n\n\n\n<li>Restaurant<\/li>\n\n\n\n<li>6 Aufz\u00fcge (3x mit Panoramablick)<\/li>\n\n\n\n<li>Sitzgelegenheiten im oberen Bereich um den Ausblick zu genie\u00dfen<\/li>\n\n\n\n<li>kostenlose Parkpl\u00e4tze vor der T\u00fcr<\/li>\n\n\n\n<li>kostenfreies WLAN in der gesamten Anlage<\/li>\n\n\n\n<li>Ruhezeiten sind von 22:00 Uhr bis 8:00 Uhr einzuhalten<\/li>\n\n\n\n<li>Partys \/ Veranstaltungen sind <strong>nicht<\/strong> erlaubt<\/li>\n\n\n\n<li>Alle \u00f6ffentlichen Bereiche im Komplex sind Nichtraucherbereiche<\/li>\n<\/ul>\n<\/div>\n\n\n\n<div class=\"wp-block-column has-tertiary-background-color has-background is-layout-flow wp-block-column-is-layout-flow\" style=\"padding-top:1.5rem;padding-right:1.5rem;padding-bottom:1.5rem;padding-left:1.5rem\">\n<h3 class=\"wp-block-heading\" style=\"font-size:clamp(14px, 0.875rem + ((1vw - 3.2px) * 0.625), 20px);line-height:1.5\">Umgebung<\/h3>\n\n\n\n<ul class=\"wp-block-list\">\n<li>200m Spar Supermarkt (Lieferung mgl.), Apotheke, Restaurants, Irish Pub, Cafes<\/li>\n\n\n\n<li>200m Bushaltestelle (Playa del Cura)<\/li>\n\n\n\n<li>Buslinie 91 &#038; 90 f\u00e4hrt von \/ bis Flughafen LPA tgl. von 6-21 Uhr (6,35\u20ac einfaches Ticket) bitte informieren Sie sich im Vorfeld<\/li>\n\n\n\n<li>300m zum flach abfallenden Sandstrand<\/li>\n\n\n\n<li>1,5km karibischer Strand &#8222;Amadores&#8220;<\/li>\n\n\n\n<li>2km 18-Loch Golf-Platz <a href=\"https:\/\/anfi.com\/en\/anfi-resorts-golf\/golf\/\" target=\"_blank\" rel=\"noopener\" title=\"\">&#8222;Anfi Tauro Golf&#8220;<\/a><\/li>\n\n\n\n<li>4km Puerto Rico mit Nightlife, Shopping, Restaurants und Hafen<\/li>\n\n\n\n<li>weitere Aktivit\u00e4ten in n\u00e4chster N\u00e4he: Beachvolleyball, Baden, Tauchen, Segeln, Surfen, Jet-Ski, Bootstouren, Angeln, Trekking, Wandern, Mountain Biking, Rennrad, Motorrad fahren, Gleitschirm fliegen,<a href=\"http:\/\/www.atlantidasubmarine.com\" title=\"\"> <\/a><a href=\"http:\/\/www.atlantidasubmarine.com\" target=\"_blank\" rel=\"noopener\" title=\"\">U-Boo<\/a><a href=\"http:\/\/www.atlantidasubmarine.com\" title=\"\">t <\/a><a href=\"http:\/\/www.atlantidasubmarine.com\" target=\"_blank\" rel=\"noopener\" title=\"\">Tour<\/a><a href=\"http:\/\/www.atlantidasubmarine.com\" title=\"\"> <\/a>uvm.<\/li>\n<\/ul>\n<\/div>\n<\/div>\n<\/div>\n\n\n\n<div class=\"wp-block-group alignfull has-tertiary-background-color has-background has-global-padding is-layout-constrained wp-container-core-group-is-layout-7276a2bb wp-block-group-is-layout-constrained\" style=\"margin-top:0;margin-bottom:0;padding-top:var(--wp--preset--spacing--60);padding-right:var(--wp--preset--spacing--30);padding-bottom:var(--wp--preset--spacing--60);padding-left:var(--wp--preset--spacing--30)\">\n<div class=\"wp-block-columns alignwide has-background-background-color has-background is-layout-flex wp-container-core-columns-is-layout-7c9548a8 wp-block-columns-is-layout-flex\" style=\"padding-top:0;padding-right:0;padding-bottom:0;padding-left:0\">\n<div class=\"wp-block-column is-vertically-aligned-stretch is-layout-flow wp-block-column-is-layout-flow\" style=\"flex-basis:40%\">\n<div class=\"wp-block-cover is-light\" style=\"min-height:100%;aspect-ratio:unset;\"><img loading=\"lazy\" decoding=\"async\" width=\"2560\" height=\"1707\" class=\"wp-block-cover__image-background wp-image-456\" alt=\"Wohnzimmer\" src=\"https:\/\/ferienwohnung-grancanaria.com\/wp-content\/uploads\/2024\/11\/IMG_0022-scaled.jpg\" data-object-fit=\"cover\" srcset=\"https:\/\/ferienwohnung-grancanaria.com\/wp-content\/uploads\/2024\/11\/IMG_0022-scaled.jpg 2560w, https:\/\/ferienwohnung-grancanaria.com\/wp-content\/uploads\/2024\/11\/IMG_0022-300x200.jpg 300w, https:\/\/ferienwohnung-grancanaria.com\/wp-content\/uploads\/2024\/11\/IMG_0022-1024x683.jpg 1024w, https:\/\/ferienwohnung-grancanaria.com\/wp-content\/uploads\/2024\/11\/IMG_0022-150x100.jpg 150w, https:\/\/ferienwohnung-grancanaria.com\/wp-content\/uploads\/2024\/11\/IMG_0022-768x512.jpg 768w, https:\/\/ferienwohnung-grancanaria.com\/wp-content\/uploads\/2024\/11\/IMG_0022-1536x1024.jpg 1536w, https:\/\/ferienwohnung-grancanaria.com\/wp-content\/uploads\/2024\/11\/IMG_0022-2048x1365.jpg 2048w\" sizes=\"auto, (max-width: 2560px) 100vw, 2560px\" \/><span aria-hidden=\"true\" class=\"wp-block-cover__background has-background-dim-0 has-background-dim\" style=\"background-color:#6f6c6c\"><\/span><div class=\"wp-block-cover__inner-container is-layout-flow wp-block-cover-is-layout-flow\">\n<div style=\"height:240px\" aria-hidden=\"true\" class=\"wp-block-spacer\"><\/div>\n<\/div><\/div>\n<\/div>\n\n\n\n<div class=\"wp-block-column is-vertically-aligned-center is-layout-flow wp-block-column-is-layout-flow\">\n<div class=\"wp-block-group has-global-padding is-layout-constrained wp-container-core-group-is-layout-301020a0 wp-block-group-is-layout-constrained\" style=\"padding-top:var(--wp--preset--spacing--50);padding-right:var(--wp--preset--spacing--50);padding-bottom:var(--wp--preset--spacing--50);padding-left:var(--wp--preset--spacing--50)\">\n<h2 class=\"wp-block-heading has-large-font-size\">Entdecken Sie Ihr Paradies<\/h2>\n\n\n\n<p style=\"margin-top:16px\">Erleben Sie Ihren Traumurlaub in Gran Canaria mit unserer einzigartigen Ferienwohnung. Buchen Sie jetzt f\u00fcr unvergessliche Momente voller Komfort und nat\u00fcrlicher Sch\u00f6nheit.<\/p>\n\n\n\n<div class=\"wp-block-buttons is-content-justification-left is-layout-flex wp-container-core-buttons-is-layout-ec155617 wp-block-buttons-is-layout-flex\" style=\"margin-top:var(--wp--preset--spacing--40)\">\n<div class=\"wp-block-button is-style-outline is-style-outline--2\"><a class=\"wp-block-button__link wp-element-button\" href=\"\/galerie\">Galerie<\/a><\/div>\n\n\n\n<div class=\"wp-block-button\"><a class=\"wp-block-button__link wp-element-button\" href=\"\/buchung\">Buchen Sie jetzt<\/a><\/div>\n<\/div>\n<\/div>\n<\/div>\n<\/div>\n<\/div>\n","protected":false},"excerpt":{"rendered":"<p>Unsere exklusiven Ferienwohnungsangebote Genie\u00dfen Sie eine vollausgestattete Ferienwohnung mit den erstklassigen Vorz\u00fcgen des Komplexes Monse\u00f1or. Erleben Sie unvergessliche Urlaubsmomente in der exzellenten Lage unweit vom Meer in der Playa del Cura. Luxuri\u00f6ser Komplex Monse\u00f1or Genie\u00dfen Sie alle kostenlosen Annehmlichkeiten unserer Anlage. Tauchen Sie ein in einen von insgesamt 7 Pools (einer beheizt und mit Poolrutsche). [&hellip;]<\/p>\n","protected":false},"author":1,"featured_media":0,"parent":0,"menu_order":0,"comment_status":"closed","ping_status":"closed","template":"no-title","meta":{"pgc_sgb_lightbox_settings":"","footnotes":""},"class_list":["post-11","page","type-page","status-publish","hentry"],"aioseo_notices":[],"_links":{"self":[{"href":"https:\/\/ferienwohnung-grancanaria.com\/de\/wp-json\/wp\/v2\/pages\/11","targetHints":{"allow":["GET"]}}],"collection":[{"href":"https:\/\/ferienwohnung-grancanaria.com\/de\/wp-json\/wp\/v2\/pages"}],"about":[{"href":"https:\/\/ferienwohnung-grancanaria.com\/de\/wp-json\/wp\/v2\/types\/page"}],"author":[{"embeddable":true,"href":"https:\/\/ferienwohnung-grancanaria.com\/de\/wp-json\/wp\/v2\/users\/1"}],"replies":[{"embeddable":true,"href":"https:\/\/ferienwohnung-grancanaria.com\/de\/wp-json\/wp\/v2\/comments?post=11"}],"version-history":[{"count":26,"href":"https:\/\/ferienwohnung-grancanaria.com\/de\/wp-json\/wp\/v2\/pages\/11\/revisions"}],"predecessor-version":[{"id":1035,"href":"https:\/\/ferienwohnung-grancanaria.com\/de\/wp-json\/wp\/v2\/pages\/11\/revisions\/1035"}],"wp:attachment":[{"href":"https:\/\/ferienwohnung-grancanaria.com\/de\/wp-json\/wp\/v2\/media?parent=11"}],"curies":[{"name":"wp","href":"https:\/\/api.w.org\/{rel}","templated":true}]}}